{"id":6400,"date":"2020-10-07T11:52:25","date_gmt":"2020-10-07T11:52:25","guid":{"rendered":"http:\/\/capethemes.com\/demo\/newsource\/?page_id=6400"},"modified":"2026-04-07T09:58:50","modified_gmt":"2026-04-07T12:58:50","slug":"home-2","status":"publish","type":"page","link":"https:\/\/academiadadireita.com.br\/blog\/","title":{"rendered":"Home"},"content":{"rendered":"\t\t<div data-elementor-type=\"wp-page\" data-elementor-id=\"6400\" class=\"elementor elementor-6400\">\n\t\t\t\t<div class=\"elementor-element elementor-element-f2228a1 e-flex e-con-boxed e-con e-parent\" data-id=\"f2228a1\" data-element_type=\"container\">\n\t\t\t\t\t<div class=\"e-con-inner\">\n\t\t\t\t<div class=\"elementor-element elementor-element-9613d28 elementor-widget elementor-widget-heading\" data-id=\"9613d28\" data-element_type=\"widget\" data-widget_type=\"heading.default\">\n\t\t\t\t<div class=\"elementor-widget-container\">\n\t\t\t\t\t<h1 class=\"elementor-heading-title elementor-size-default\">Fique por Dentro<\/h1>\t\t\t\t<\/div>\n\t\t\t\t<\/div>\n\t\t\t\t<div class=\"elementor-element elementor-element-b08d4bc elementor-widget elementor-widget-heading\" data-id=\"b08d4bc\" data-element_type=\"widget\" data-widget_type=\"heading.default\">\n\t\t\t\t<div class=\"elementor-widget-container\">\n\t\t\t\t\t<h4 class=\"elementor-heading-title elementor-size-default\">Acesse nossos artigos sobre os principais temas do Brasil<\/h4>\t\t\t\t<\/div>\n\t\t\t\t<\/div>\n\t\t\t\t\t<\/div>\n\t\t\t\t<\/div>\n\t\t\t\t<section class=\"elementor-section elementor-top-section elementor-element elementor-element-2bb9738 elementor-section-boxed elementor-section-height-default elementor-section-height-default\" data-id=\"2bb9738\" data-element_type=\"section\">\n\t\t\t\t\t\t<div class=\"elementor-container elementor-column-gap-extended\">\n\t\t\t\t\t<div class=\"elementor-column elementor-col-33 elementor-top-column elementor-element elementor-element-2aaf4fa\" data-id=\"2aaf4fa\" data-element_type=\"column\">\n\t\t\t<div class=\"elementor-widget-wrap elementor-element-populated\">\n\t\t\t\t\t\t<div class=\"elementor-element elementor-element-ea61241 elementor-widget elementor-widget-wp-widget-newsourceaddons_mag_classic\" data-id=\"ea61241\" data-element_type=\"widget\" data-widget_type=\"wp-widget-newsourceaddons_mag_classic.default\">\n\t\t\t\t<div class=\"elementor-widget-container\">\n\t\t\t\t\t\t\t\r\n\t\t        \r\n        <div class=\"widget_block\">\r\n            \r\n\t\t\t            <div class=\"\r\n            tmnf_wrap tmnf_columns_1 \r\n\t\t\t excerpt_enabled                         tmnf_titles_are_small            \">\r\n\t\t\t\r\n                                      \t<div class=\"item tmnf_item post-7498 post type-post status-publish format-standard has-post-thumbnail hentry category-brasil-conservador\">               \t\r\n\t\t\t\r\n\t\t\t\t                        \r\n                    <div class=\"imgwrap tranz\">\r\n                    \r\n                                                \r\n                        <a href=\"https:\/\/academiadadireita.com.br\/blog\/reconstruir-ou-perecer\/\">\r\n                            <img fetchpriority=\"high\" decoding=\"async\" width=\"423\" height=\"280\" src=\"https:\/\/academiadadireita.com.br\/blog\/wp-content\/uploads\/2026\/03\/WhatsApp-Image-2026-03-04-at-17.58.58-423x280.jpeg\" class=\"tranz wp-post-image\" alt=\"\" \/>                        <\/a>\r\n                \r\n                    <\/div>\r\n                    \r\n                    \r\n    \r\n            \t<div class=\"item_inn tranz p-border rad\">\r\n                    \r\n                       \r\n\t<p class=\"meta meta_categ ribbon tranz \">\r\n        <span class=\"categs\"><a href=\"https:\/\/academiadadireita.com.br\/blog\/category\/brasil-conservador\/\" rel=\"category tag\">Brasil Conservador<\/a><\/span>\r\n    <\/p>\r\n                    \r\n                       \r\n\t\t<p class=\"meta tranz \">\r\n\t\t\t<span class=\"post-date\">3 de mar\u00e7o de 2026<\/span>\r\n\t\t\t<span class=\"commes\"><\/span>\r\n\r\n\t\t\t<span class=\"post-views\"><span class=\"meta_divider\"> \u2022 <\/span>\r\n\t\t\t\tViews: 59\t\t\t<\/span>\r\n\t\t<\/p>\r\n\t                \r\n                \t<h3 class=\"tmnf_title\"><a class=\"link link--forsure\" href=\"https:\/\/academiadadireita.com.br\/blog\/reconstruir-ou-perecer\/\">Reconstruir ou Perecer<\/a><\/h3>\r\n                    \r\n                                        \t<div class=\"tmnf_excerpt\"><p>Carlos Henrique Ara\u00fajo, mestre em sociologia e curador da Academia da Direita. A educa\u00e7\u00e3o brasileira chegou a um ponto em que j\u00e1 n\u00e3o<span class=\"helip\">...<\/span><\/p><\/div>\r\n                                         \r\n                \r\n                <\/div><!-- end .item_inn -->\r\n        \r\n            <\/div>\r\n\t\t\t\r\n                                      \t<div class=\"item tmnf_item post-7493 post type-post status-publish format-standard has-post-thumbnail hentry category-brasil-conservador\">               \t\r\n\t\t\t\r\n\t\t\t\t                        \r\n                    <div class=\"imgwrap tranz\">\r\n                    \r\n                                                \r\n                        <a href=\"https:\/\/academiadadireita.com.br\/blog\/a-esquerda-quebra-o-brasil-enquanto-a-america-latina-desperta\/\">\r\n                            <img decoding=\"async\" width=\"423\" height=\"280\" src=\"https:\/\/academiadadireita.com.br\/blog\/wp-content\/uploads\/2026\/02\/esquerda-direita-america-latina-dez-2025-02-1-848x477-1-423x280.png\" class=\"tranz wp-post-image\" alt=\"\" \/>                        <\/a>\r\n                \r\n                    <\/div>\r\n                    \r\n                    \r\n    \r\n            \t<div class=\"item_inn tranz p-border rad\">\r\n                    \r\n                       \r\n\t<p class=\"meta meta_categ ribbon tranz \">\r\n        <span class=\"categs\"><a href=\"https:\/\/academiadadireita.com.br\/blog\/category\/brasil-conservador\/\" rel=\"category tag\">Brasil Conservador<\/a><\/span>\r\n    <\/p>\r\n                    \r\n                       \r\n\t\t<p class=\"meta tranz \">\r\n\t\t\t<span class=\"post-date\">23 de fevereiro de 2026<\/span>\r\n\t\t\t<span class=\"commes\"><\/span>\r\n\r\n\t\t\t<span class=\"post-views\"><span class=\"meta_divider\"> \u2022 <\/span>\r\n\t\t\t\tViews: 85\t\t\t<\/span>\r\n\t\t<\/p>\r\n\t                \r\n                \t<h3 class=\"tmnf_title\"><a class=\"link link--forsure\" href=\"https:\/\/academiadadireita.com.br\/blog\/a-esquerda-quebra-o-brasil-enquanto-a-america-latina-desperta\/\">A esquerda quebra o Brasil enquanto a Am\u00e9rica Latina desperta<\/a><\/h3>\r\n                    \r\n                                        \t<div class=\"tmnf_excerpt\"><p>Carlos Henrique Ara\u00fajo, mestre em Sociologia e Curador da Academia da Direita O Brasil vive um paradoxo preocupante: enquanto boa parte da<span class=\"helip\">...<\/span><\/p><\/div>\r\n                                         \r\n                \r\n                <\/div><!-- end .item_inn -->\r\n        \r\n            <\/div>\r\n\t\t\t\r\n                                      \t<div class=\"item tmnf_item post-7488 post type-post status-publish format-standard has-post-thumbnail hentry category-brasil-conservador\">               \t\r\n\t\t\t\r\n\t\t\t\t                        \r\n                    <div class=\"imgwrap tranz\">\r\n                    \r\n                                                \r\n                        <a href=\"https:\/\/academiadadireita.com.br\/blog\/bilhoes-roubados-maquina-de-moer-aposentados\/\">\r\n                            <img decoding=\"async\" width=\"423\" height=\"280\" src=\"https:\/\/academiadadireita.com.br\/blog\/wp-content\/uploads\/2026\/01\/imagem_materia-423x280.jpeg\" class=\"tranz wp-post-image\" alt=\"\" srcset=\"https:\/\/academiadadireita.com.br\/blog\/wp-content\/uploads\/2026\/01\/imagem_materia-423x280.jpeg 423w, https:\/\/academiadadireita.com.br\/blog\/wp-content\/uploads\/2026\/01\/imagem_materia-300x199.jpeg 300w, https:\/\/academiadadireita.com.br\/blog\/wp-content\/uploads\/2026\/01\/imagem_materia-768x509.jpeg 768w, https:\/\/academiadadireita.com.br\/blog\/wp-content\/uploads\/2026\/01\/imagem_materia.jpeg 860w\" sizes=\"(max-width: 423px) 100vw, 423px\" \/>                        <\/a>\r\n                \r\n                    <\/div>\r\n                    \r\n                    \r\n    \r\n            \t<div class=\"item_inn tranz p-border rad\">\r\n                    \r\n                       \r\n\t<p class=\"meta meta_categ ribbon tranz \">\r\n        <span class=\"categs\"><a href=\"https:\/\/academiadadireita.com.br\/blog\/category\/brasil-conservador\/\" rel=\"category tag\">Brasil Conservador<\/a><\/span>\r\n    <\/p>\r\n                    \r\n                       \r\n\t\t<p class=\"meta tranz \">\r\n\t\t\t<span class=\"post-date\">19 de janeiro de 2026<\/span>\r\n\t\t\t<span class=\"commes\"><\/span>\r\n\r\n\t\t\t<span class=\"post-views\"><span class=\"meta_divider\"> \u2022 <\/span>\r\n\t\t\t\tViews: 106\t\t\t<\/span>\r\n\t\t<\/p>\r\n\t                \r\n                \t<h3 class=\"tmnf_title\"><a class=\"link link--forsure\" href=\"https:\/\/academiadadireita.com.br\/blog\/bilhoes-roubados-maquina-de-moer-aposentados\/\">Bilh\u00f5es Roubados: M\u00e1quina de Moer Aposentados<\/a><\/h3>\r\n                    \r\n                                        \t<div class=\"tmnf_excerpt\"><p>Carlos Henrique Ara\u00fajo \u2013 mestre em Sociologia e curador da Academia da Direita. A CPMI do INSS nasce em uma tradi\u00e7\u00e3o de CPIs que,<span class=\"helip\">...<\/span><\/p><\/div>\r\n                                         \r\n                \r\n                <\/div><!-- end .item_inn -->\r\n        \r\n            <\/div>\r\n\t\t\t\r\n                                      \t<div class=\"item tmnf_item post-7479 post type-post status-publish format-standard has-post-thumbnail hentry category-brasil-conservador\">               \t\r\n\t\t\t\r\n\t\t\t\t                        \r\n                    <div class=\"imgwrap tranz\">\r\n                    \r\n                                                \r\n                        <a href=\"https:\/\/academiadadireita.com.br\/blog\/um-sopro-de-esperanca\/\">\r\n                            <img loading=\"lazy\" decoding=\"async\" width=\"299\" height=\"168\" src=\"https:\/\/academiadadireita.com.br\/blog\/wp-content\/uploads\/2025\/12\/images.jpg\" class=\"tranz wp-post-image\" alt=\"\" \/>                        <\/a>\r\n                \r\n                    <\/div>\r\n                    \r\n                    \r\n    \r\n            \t<div class=\"item_inn tranz p-border rad\">\r\n                    \r\n                       \r\n\t<p class=\"meta meta_categ ribbon tranz \">\r\n        <span class=\"categs\"><a href=\"https:\/\/academiadadireita.com.br\/blog\/category\/brasil-conservador\/\" rel=\"category tag\">Brasil Conservador<\/a><\/span>\r\n    <\/p>\r\n                    \r\n                       \r\n\t\t<p class=\"meta tranz \">\r\n\t\t\t<span class=\"post-date\">1 de dezembro de 2025<\/span>\r\n\t\t\t<span class=\"commes\"><\/span>\r\n\r\n\t\t\t<span class=\"post-views\"><span class=\"meta_divider\"> \u2022 <\/span>\r\n\t\t\t\tViews: 119\t\t\t<\/span>\r\n\t\t<\/p>\r\n\t                \r\n                \t<h3 class=\"tmnf_title\"><a class=\"link link--forsure\" href=\"https:\/\/academiadadireita.com.br\/blog\/um-sopro-de-esperanca\/\">Um Sopro de Esperan\u00e7a<\/a><\/h3>\r\n                    \r\n                                        \t<div class=\"tmnf_excerpt\"><p>Carlos Henrique Ara\u00fajo, mestre em Sociologia e curador da Academia da Direita. N\u00e3o h\u00e1 d\u00favidas razo\u00e1veis de que chegamos ao fundo do<span class=\"helip\">...<\/span><\/p><\/div>\r\n                                         \r\n                \r\n                <\/div><!-- end .item_inn -->\r\n        \r\n            <\/div>\r\n\t\t\t\t\t\t<\/div>\r\n            \r\n\t\t\t<div class=\"clearfix\"><\/div>\r\n            \r\n        <\/div>\r\n\t\t\r\n\t\t\t\t\t\t<\/div>\n\t\t\t\t<\/div>\n\t\t\t\t\t<\/div>\n\t\t<\/div>\n\t\t\t\t<div class=\"elementor-column elementor-col-33 elementor-top-column elementor-element elementor-element-59ec714\" data-id=\"59ec714\" data-element_type=\"column\">\n\t\t\t<div class=\"elementor-widget-wrap elementor-element-populated\">\n\t\t\t\t\t\t<div class=\"elementor-element elementor-element-436785c elementor-widget elementor-widget-wp-widget-newsourceaddons_mag_grid\" data-id=\"436785c\" data-element_type=\"widget\" data-widget_type=\"wp-widget-newsourceaddons_mag_grid.default\">\n\t\t\t\t<div class=\"elementor-widget-container\">\n\t\t\t\t\t\t\t\r\n\t\t        \r\n        <div class=\"widget_block\">\r\n            \r\n\t\t\t            <div class=\"\r\n            tmnf_wrap tmnf_columns_1 \r\n                        tmnf_titles_are_large            \">\r\n\t\t\t\r\n                                      \t<div class=\"item tmnf_item tmnf_item_grid post-7508 post type-post status-publish format-standard has-post-thumbnail hentry category-brasil-conservador\">               \t\r\n\t\t\t\r\n\t\t\t\t                        \r\n                    <div class=\"imgwrap tranz\">\r\n                    \r\n                    \t   \r\n\t<p class=\"meta meta_categ ribbon tranz \">\r\n        <span class=\"categs\"><a href=\"https:\/\/academiadadireita.com.br\/blog\/category\/brasil-conservador\/\" rel=\"category tag\">Brasil Conservador<\/a><\/span>\r\n    <\/p>\r\n                    \r\n                                                \r\n                        <a href=\"https:\/\/academiadadireita.com.br\/blog\/brasil-o-pais-que-mais-mata-no-mundo\/\">\r\n                            <img loading=\"lazy\" decoding=\"async\" width=\"570\" height=\"399\" src=\"https:\/\/academiadadireita.com.br\/blog\/wp-content\/uploads\/2026\/04\/WhatsApp-Image-2026-04-09-at-13.05.51-570x399.jpeg\" class=\"tranz wp-post-image\" alt=\"\" \/>                        <\/a>\r\n                \r\n                    <\/div>\r\n                    \r\n                    \r\n    \r\n            \t<div class=\"item_inn tranz p-border rad titles_over\">\r\n                \r\n                \t<div class=\"meta_deko\"><\/div>\r\n                    \r\n                       \r\n\t\t<p class=\"meta tranz \">\r\n\t\t\t<span class=\"post-date\">9 de abril de 2026<\/span>\r\n\t\t\t<span class=\"commes\"><\/span>\r\n\r\n\t\t\t<span class=\"post-views\"><span class=\"meta_divider\"> \u2022 <\/span>\r\n\t\t\t\tViews: 41\t\t\t<\/span>\r\n\t\t<\/p>\r\n\t                \r\n                \t<h3 class=\"tmnf_title\"><a class=\"link link--forsure\" href=\"https:\/\/academiadadireita.com.br\/blog\/brasil-o-pais-que-mais-mata-no-mundo\/\">Brasil: o pa\u00eds que mais mata no mundo<\/a><\/h3>\r\n                     \r\n                \r\n                <\/div><!-- end .item_inn -->\r\n        \r\n            <\/div>\r\n\t\t\t\r\n                                      \t<div class=\"item tmnf_item tmnf_item_grid post-7498 post type-post status-publish format-standard has-post-thumbnail hentry category-brasil-conservador\">               \t\r\n\t\t\t\r\n\t\t\t\t                        \r\n                    <div class=\"imgwrap tranz\">\r\n                    \r\n                    \t   \r\n\t<p class=\"meta meta_categ ribbon tranz \">\r\n        <span class=\"categs\"><a href=\"https:\/\/academiadadireita.com.br\/blog\/category\/brasil-conservador\/\" rel=\"category tag\">Brasil Conservador<\/a><\/span>\r\n    <\/p>\r\n                    \r\n                                                \r\n                        <a href=\"https:\/\/academiadadireita.com.br\/blog\/reconstruir-ou-perecer\/\">\r\n                            <img loading=\"lazy\" decoding=\"async\" width=\"570\" height=\"460\" src=\"https:\/\/academiadadireita.com.br\/blog\/wp-content\/uploads\/2026\/03\/WhatsApp-Image-2026-03-04-at-17.58.58-570x460.jpeg\" class=\"tranz wp-post-image\" alt=\"\" \/>                        <\/a>\r\n                \r\n                    <\/div>\r\n                    \r\n                    \r\n    \r\n            \t<div class=\"item_inn tranz p-border rad titles_over\">\r\n                \r\n                \t<div class=\"meta_deko\"><\/div>\r\n                    \r\n                       \r\n\t\t<p class=\"meta tranz \">\r\n\t\t\t<span class=\"post-date\">3 de mar\u00e7o de 2026<\/span>\r\n\t\t\t<span class=\"commes\"><\/span>\r\n\r\n\t\t\t<span class=\"post-views\"><span class=\"meta_divider\"> \u2022 <\/span>\r\n\t\t\t\tViews: 59\t\t\t<\/span>\r\n\t\t<\/p>\r\n\t                \r\n                \t<h3 class=\"tmnf_title\"><a class=\"link link--forsure\" href=\"https:\/\/academiadadireita.com.br\/blog\/reconstruir-ou-perecer\/\">Reconstruir ou Perecer<\/a><\/h3>\r\n                     \r\n                \r\n                <\/div><!-- end .item_inn -->\r\n        \r\n            <\/div>\r\n\t\t\t\r\n                                      \t<div class=\"item tmnf_item tmnf_item_grid post-7493 post type-post status-publish format-standard has-post-thumbnail hentry category-brasil-conservador\">               \t\r\n\t\t\t\r\n\t\t\t\t                        \r\n                    <div class=\"imgwrap tranz\">\r\n                    \r\n                    \t   \r\n\t<p class=\"meta meta_categ ribbon tranz \">\r\n        <span class=\"categs\"><a href=\"https:\/\/academiadadireita.com.br\/blog\/category\/brasil-conservador\/\" rel=\"category tag\">Brasil Conservador<\/a><\/span>\r\n    <\/p>\r\n                    \r\n                                                \r\n                        <a href=\"https:\/\/academiadadireita.com.br\/blog\/a-esquerda-quebra-o-brasil-enquanto-a-america-latina-desperta\/\">\r\n                            <img loading=\"lazy\" decoding=\"async\" width=\"570\" height=\"477\" src=\"https:\/\/academiadadireita.com.br\/blog\/wp-content\/uploads\/2026\/02\/esquerda-direita-america-latina-dez-2025-02-1-848x477-1-570x477.png\" class=\"tranz wp-post-image\" alt=\"\" \/>                        <\/a>\r\n                \r\n                    <\/div>\r\n                    \r\n                    \r\n    \r\n            \t<div class=\"item_inn tranz p-border rad titles_over\">\r\n                \r\n                \t<div class=\"meta_deko\"><\/div>\r\n                    \r\n                       \r\n\t\t<p class=\"meta tranz \">\r\n\t\t\t<span class=\"post-date\">23 de fevereiro de 2026<\/span>\r\n\t\t\t<span class=\"commes\"><\/span>\r\n\r\n\t\t\t<span class=\"post-views\"><span class=\"meta_divider\"> \u2022 <\/span>\r\n\t\t\t\tViews: 85\t\t\t<\/span>\r\n\t\t<\/p>\r\n\t                \r\n                \t<h3 class=\"tmnf_title\"><a class=\"link link--forsure\" href=\"https:\/\/academiadadireita.com.br\/blog\/a-esquerda-quebra-o-brasil-enquanto-a-america-latina-desperta\/\">A esquerda quebra o Brasil enquanto a Am\u00e9rica Latina desperta<\/a><\/h3>\r\n                     \r\n                \r\n                <\/div><!-- end .item_inn -->\r\n        \r\n            <\/div>\r\n\t\t\t\r\n                                      \t<div class=\"item tmnf_item tmnf_item_grid post-7488 post type-post status-publish format-standard has-post-thumbnail hentry category-brasil-conservador\">               \t\r\n\t\t\t\r\n\t\t\t\t                        \r\n                    <div class=\"imgwrap tranz\">\r\n                    \r\n                    \t   \r\n\t<p class=\"meta meta_categ ribbon tranz \">\r\n        <span class=\"categs\"><a href=\"https:\/\/academiadadireita.com.br\/blog\/category\/brasil-conservador\/\" rel=\"category tag\">Brasil Conservador<\/a><\/span>\r\n    <\/p>\r\n                    \r\n                                                \r\n                        <a href=\"https:\/\/academiadadireita.com.br\/blog\/bilhoes-roubados-maquina-de-moer-aposentados\/\">\r\n                            <img loading=\"lazy\" decoding=\"async\" width=\"570\" height=\"570\" src=\"https:\/\/academiadadireita.com.br\/blog\/wp-content\/uploads\/2026\/01\/imagem_materia-570x570.jpeg\" class=\"tranz wp-post-image\" alt=\"\" srcset=\"https:\/\/academiadadireita.com.br\/blog\/wp-content\/uploads\/2026\/01\/imagem_materia-570x570.jpeg 570w, https:\/\/academiadadireita.com.br\/blog\/wp-content\/uploads\/2026\/01\/imagem_materia-150x150.jpeg 150w, https:\/\/academiadadireita.com.br\/blog\/wp-content\/uploads\/2026\/01\/imagem_materia-250x250.jpeg 250w\" sizes=\"(max-width: 570px) 100vw, 570px\" \/>                        <\/a>\r\n                \r\n                    <\/div>\r\n                    \r\n                    \r\n    \r\n            \t<div class=\"item_inn tranz p-border rad titles_over\">\r\n                \r\n                \t<div class=\"meta_deko\"><\/div>\r\n                    \r\n                       \r\n\t\t<p class=\"meta tranz \">\r\n\t\t\t<span class=\"post-date\">19 de janeiro de 2026<\/span>\r\n\t\t\t<span class=\"commes\"><\/span>\r\n\r\n\t\t\t<span class=\"post-views\"><span class=\"meta_divider\"> \u2022 <\/span>\r\n\t\t\t\tViews: 106\t\t\t<\/span>\r\n\t\t<\/p>\r\n\t                \r\n                \t<h3 class=\"tmnf_title\"><a class=\"link link--forsure\" href=\"https:\/\/academiadadireita.com.br\/blog\/bilhoes-roubados-maquina-de-moer-aposentados\/\">Bilh\u00f5es Roubados: M\u00e1quina de Moer Aposentados<\/a><\/h3>\r\n                     \r\n                \r\n                <\/div><!-- end .item_inn -->\r\n        \r\n            <\/div>\r\n\t\t\t\t\t\t<\/div>\r\n            \r\n\t\t\t<div class=\"clearfix\"><\/div>\r\n            \r\n        <\/div>\r\n\t\t\r\n\t\t\t\t\t\t<\/div>\n\t\t\t\t<\/div>\n\t\t\t\t\t<\/div>\n\t\t<\/div>\n\t\t\t\t<div class=\"elementor-column elementor-col-33 elementor-top-column elementor-element elementor-element-fdbd9b4\" data-id=\"fdbd9b4\" data-element_type=\"column\">\n\t\t\t<div class=\"elementor-widget-wrap elementor-element-populated\">\n\t\t\t\t\t\t<div class=\"elementor-element elementor-element-03ef6e2 elementor-widget elementor-widget-wp-widget-newsourceaddons_featured_widget\" data-id=\"03ef6e2\" data-element_type=\"widget\" data-widget_type=\"wp-widget-newsourceaddons_featured_widget.default\">\n\t\t\t\t<div class=\"elementor-widget-container\">\n\t\t\t\t\t\t\t\r\n\t\t\t\t\r\n        \t            \r\n\t\t\t            <ul class=\"featured\">\r\n\t\t\t\t\t\t\t<li>\r\n\t\t\t\t\t<div class=\"tab-post p-border\">\r\n\r\n\t    \r\n        <div class=\"imgwrap\">\r\n        \r\n            <a href=\"https:\/\/academiadadireita.com.br\/blog\/brasil-o-pais-que-mais-mata-no-mundo\/\" title=\"Brasil: o pa\u00eds que mais mata no mundo\" >\r\n            \r\n              <img loading=\"lazy\" decoding=\"async\" width=\"150\" height=\"150\" src=\"https:\/\/academiadadireita.com.br\/blog\/wp-content\/uploads\/2026\/04\/WhatsApp-Image-2026-04-09-at-13.05.51-150x150.jpeg\" class=\"grayscale grayscale-fade wp-post-image\" alt=\"\" srcset=\"https:\/\/academiadadireita.com.br\/blog\/wp-content\/uploads\/2026\/04\/WhatsApp-Image-2026-04-09-at-13.05.51-150x150.jpeg 150w, https:\/\/academiadadireita.com.br\/blog\/wp-content\/uploads\/2026\/04\/WhatsApp-Image-2026-04-09-at-13.05.51-250x250.jpeg 250w\" sizes=\"(max-width: 150px) 100vw, 150px\" \/>              \r\n            <\/a>\r\n        \r\n        <\/div>\r\n         \r\n            \r\n    <h4><a href=\"https:\/\/academiadadireita.com.br\/blog\/brasil-o-pais-que-mais-mata-no-mundo\/\" title=\"Brasil: o pa\u00eds que mais mata no mundo\">Brasil: o pa\u00eds que mais mata no mundo<\/a><\/h4>\r\n    \r\n    <p class=\"meta meta_tmnfposts\">\r\n    \t<span class=\"categs\"><a href=\"https:\/\/academiadadireita.com.br\/blog\/category\/brasil-conservador\/\" rel=\"category tag\">Brasil Conservador<\/a><\/span>\r\n    <\/p>\r\n\r\n<\/div>\t\t\t\t<\/li>\r\n\t\t\t\t\t\t\t<li>\r\n\t\t\t\t\t<div class=\"tab-post p-border\">\r\n\r\n\t    \r\n        <div class=\"imgwrap\">\r\n        \r\n            <a href=\"https:\/\/academiadadireita.com.br\/blog\/reconstruir-ou-perecer\/\" title=\"Reconstruir ou Perecer\" >\r\n            \r\n              <img loading=\"lazy\" decoding=\"async\" width=\"150\" height=\"150\" src=\"https:\/\/academiadadireita.com.br\/blog\/wp-content\/uploads\/2026\/03\/WhatsApp-Image-2026-03-04-at-17.58.58-150x150.jpeg\" class=\"grayscale grayscale-fade wp-post-image\" alt=\"\" srcset=\"https:\/\/academiadadireita.com.br\/blog\/wp-content\/uploads\/2026\/03\/WhatsApp-Image-2026-03-04-at-17.58.58-150x150.jpeg 150w, https:\/\/academiadadireita.com.br\/blog\/wp-content\/uploads\/2026\/03\/WhatsApp-Image-2026-03-04-at-17.58.58-250x250.jpeg 250w\" sizes=\"(max-width: 150px) 100vw, 150px\" \/>              \r\n            <\/a>\r\n        \r\n        <\/div>\r\n         \r\n            \r\n    <h4><a href=\"https:\/\/academiadadireita.com.br\/blog\/reconstruir-ou-perecer\/\" title=\"Reconstruir ou Perecer\">Reconstruir ou Perecer<\/a><\/h4>\r\n    \r\n    <p class=\"meta meta_tmnfposts\">\r\n    \t<span class=\"categs\"><a href=\"https:\/\/academiadadireita.com.br\/blog\/category\/brasil-conservador\/\" rel=\"category tag\">Brasil Conservador<\/a><\/span>\r\n    <\/p>\r\n\r\n<\/div>\t\t\t\t<\/li>\r\n\t\t\t\t\t\t\t<li>\r\n\t\t\t\t\t<div class=\"tab-post p-border\">\r\n\r\n\t    \r\n        <div class=\"imgwrap\">\r\n        \r\n            <a href=\"https:\/\/academiadadireita.com.br\/blog\/a-esquerda-quebra-o-brasil-enquanto-a-america-latina-desperta\/\" title=\"A esquerda quebra o Brasil enquanto a Am\u00e9rica Latina desperta\" >\r\n            \r\n              <img loading=\"lazy\" decoding=\"async\" width=\"150\" height=\"150\" src=\"https:\/\/academiadadireita.com.br\/blog\/wp-content\/uploads\/2026\/02\/esquerda-direita-america-latina-dez-2025-02-1-848x477-1-150x150.png\" class=\"grayscale grayscale-fade wp-post-image\" alt=\"\" srcset=\"https:\/\/academiadadireita.com.br\/blog\/wp-content\/uploads\/2026\/02\/esquerda-direita-america-latina-dez-2025-02-1-848x477-1-150x150.png 150w, https:\/\/academiadadireita.com.br\/blog\/wp-content\/uploads\/2026\/02\/esquerda-direita-america-latina-dez-2025-02-1-848x477-1-250x250.png 250w\" sizes=\"(max-width: 150px) 100vw, 150px\" \/>              \r\n            <\/a>\r\n        \r\n        <\/div>\r\n         \r\n            \r\n    <h4><a href=\"https:\/\/academiadadireita.com.br\/blog\/a-esquerda-quebra-o-brasil-enquanto-a-america-latina-desperta\/\" title=\"A esquerda quebra o Brasil enquanto a Am\u00e9rica Latina desperta\">A esquerda quebra o Brasil enquanto a Am\u00e9rica Latina desperta<\/a><\/h4>\r\n    \r\n    <p class=\"meta meta_tmnfposts\">\r\n    \t<span class=\"categs\"><a href=\"https:\/\/academiadadireita.com.br\/blog\/category\/brasil-conservador\/\" rel=\"category tag\">Brasil Conservador<\/a><\/span>\r\n    <\/p>\r\n\r\n<\/div>\t\t\t\t<\/li>\r\n\t\t\t\t\t\t\t<li>\r\n\t\t\t\t\t<div class=\"tab-post p-border\">\r\n\r\n\t    \r\n        <div class=\"imgwrap\">\r\n        \r\n            <a href=\"https:\/\/academiadadireita.com.br\/blog\/bilhoes-roubados-maquina-de-moer-aposentados\/\" title=\"Bilh\u00f5es Roubados: M\u00e1quina de Moer Aposentados\" >\r\n            \r\n              <img loading=\"lazy\" decoding=\"async\" width=\"150\" height=\"150\" src=\"https:\/\/academiadadireita.com.br\/blog\/wp-content\/uploads\/2026\/01\/imagem_materia-150x150.jpeg\" class=\"grayscale grayscale-fade wp-post-image\" alt=\"\" srcset=\"https:\/\/academiadadireita.com.br\/blog\/wp-content\/uploads\/2026\/01\/imagem_materia-150x150.jpeg 150w, https:\/\/academiadadireita.com.br\/blog\/wp-content\/uploads\/2026\/01\/imagem_materia-570x570.jpeg 570w, https:\/\/academiadadireita.com.br\/blog\/wp-content\/uploads\/2026\/01\/imagem_materia-250x250.jpeg 250w\" sizes=\"(max-width: 150px) 100vw, 150px\" \/>              \r\n            <\/a>\r\n        \r\n        <\/div>\r\n         \r\n            \r\n    <h4><a href=\"https:\/\/academiadadireita.com.br\/blog\/bilhoes-roubados-maquina-de-moer-aposentados\/\" title=\"Bilh\u00f5es Roubados: M\u00e1quina de Moer Aposentados\">Bilh\u00f5es Roubados: M\u00e1quina de Moer Aposentados<\/a><\/h4>\r\n    \r\n    <p class=\"meta meta_tmnfposts\">\r\n    \t<span class=\"categs\"><a href=\"https:\/\/academiadadireita.com.br\/blog\/category\/brasil-conservador\/\" rel=\"category tag\">Brasil Conservador<\/a><\/span>\r\n    <\/p>\r\n\r\n<\/div>\t\t\t\t<\/li>\r\n\t\t\t\t\t\t\t<li>\r\n\t\t\t\t\t<div class=\"tab-post p-border\">\r\n\r\n\t    \r\n        <div class=\"imgwrap\">\r\n        \r\n            <a href=\"https:\/\/academiadadireita.com.br\/blog\/um-sopro-de-esperanca\/\" title=\"Um Sopro de Esperan\u00e7a\" >\r\n            \r\n              <img loading=\"lazy\" decoding=\"async\" width=\"150\" height=\"150\" src=\"https:\/\/academiadadireita.com.br\/blog\/wp-content\/uploads\/2025\/12\/images-150x150.jpg\" class=\"grayscale grayscale-fade wp-post-image\" alt=\"\" \/>              \r\n            <\/a>\r\n        \r\n        <\/div>\r\n         \r\n            \r\n    <h4><a href=\"https:\/\/academiadadireita.com.br\/blog\/um-sopro-de-esperanca\/\" title=\"Um Sopro de Esperan\u00e7a\">Um Sopro de Esperan\u00e7a<\/a><\/h4>\r\n    \r\n    <p class=\"meta meta_tmnfposts\">\r\n    \t<span class=\"categs\"><a href=\"https:\/\/academiadadireita.com.br\/blog\/category\/brasil-conservador\/\" rel=\"category tag\">Brasil Conservador<\/a><\/span>\r\n    <\/p>\r\n\r\n<\/div>\t\t\t\t<\/li>\r\n\t\t\t\t\t\t\t<li>\r\n\t\t\t\t\t<div class=\"tab-post p-border\">\r\n\r\n\t    \r\n        <div class=\"imgwrap\">\r\n        \r\n            <a href=\"https:\/\/academiadadireita.com.br\/blog\/a-invasao-vertical-dos-barbaros-e-a-degradacao-cultural-do-brasil\/\" title=\"A Invas\u00e3o Vertical dos B\u00e1rbaros e a Degrada\u00e7\u00e3o Cultural do Brasil\" >\r\n            \r\n              <img loading=\"lazy\" decoding=\"async\" width=\"150\" height=\"150\" src=\"https:\/\/academiadadireita.com.br\/blog\/wp-content\/uploads\/2025\/11\/images-150x150.jpeg\" class=\"grayscale grayscale-fade wp-post-image\" alt=\"\" \/>              \r\n            <\/a>\r\n        \r\n        <\/div>\r\n         \r\n            \r\n    <h4><a href=\"https:\/\/academiadadireita.com.br\/blog\/a-invasao-vertical-dos-barbaros-e-a-degradacao-cultural-do-brasil\/\" title=\"A Invas\u00e3o Vertical dos B\u00e1rbaros e a Degrada\u00e7\u00e3o Cultural do Brasil\">A Invas\u00e3o Vertical dos B\u00e1rbaros e a Degrada\u00e7\u00e3o Cultural do Brasil<\/a><\/h4>\r\n    \r\n    <p class=\"meta meta_tmnfposts\">\r\n    \t<span class=\"categs\"><a href=\"https:\/\/academiadadireita.com.br\/blog\/category\/brasil-conservador\/\" rel=\"category tag\">Brasil Conservador<\/a><\/span>\r\n    <\/p>\r\n\r\n<\/div>\t\t\t\t<\/li>\r\n\t\t\t\t\t\t\t<li>\r\n\t\t\t\t\t<div class=\"tab-post p-border\">\r\n\r\n\t    \r\n        <div class=\"imgwrap\">\r\n        \r\n            <a href=\"https:\/\/academiadadireita.com.br\/blog\/13-pontos-de-nossa-fragil-economia\/\" title=\"13 Pontos de nossa Fr\u00e1gil Economia\" >\r\n            \r\n              <img loading=\"lazy\" decoding=\"async\" width=\"150\" height=\"150\" src=\"https:\/\/academiadadireita.com.br\/blog\/wp-content\/uploads\/2025\/10\/bolsadevaloresnycapa-150x150.jpeg\" class=\"grayscale grayscale-fade wp-post-image\" alt=\"\" srcset=\"https:\/\/academiadadireita.com.br\/blog\/wp-content\/uploads\/2025\/10\/bolsadevaloresnycapa-150x150.jpeg 150w, https:\/\/academiadadireita.com.br\/blog\/wp-content\/uploads\/2025\/10\/bolsadevaloresnycapa-570x570.jpeg 570w, https:\/\/academiadadireita.com.br\/blog\/wp-content\/uploads\/2025\/10\/bolsadevaloresnycapa-250x250.jpeg 250w\" sizes=\"(max-width: 150px) 100vw, 150px\" \/>              \r\n            <\/a>\r\n        \r\n        <\/div>\r\n         \r\n            \r\n    <h4><a href=\"https:\/\/academiadadireita.com.br\/blog\/13-pontos-de-nossa-fragil-economia\/\" title=\"13 Pontos de nossa Fr\u00e1gil Economia\">13 Pontos de nossa Fr\u00e1gil Economia<\/a><\/h4>\r\n    \r\n    <p class=\"meta meta_tmnfposts\">\r\n    \t<span class=\"categs\"><a href=\"https:\/\/academiadadireita.com.br\/blog\/category\/brasil-conservador\/\" rel=\"category tag\">Brasil Conservador<\/a><\/span>\r\n    <\/p>\r\n\r\n<\/div>\t\t\t\t<\/li>\r\n\t\t\t\t\t\t\t<li>\r\n\t\t\t\t\t<div class=\"tab-post p-border\">\r\n\r\n\t    \r\n        <div class=\"imgwrap\">\r\n        \r\n            <a href=\"https:\/\/academiadadireita.com.br\/blog\/as-dez-faces-do-totalitarismo-marxista-a-maquina-de-tirania-que-destroi-nacoes-e-almas\/\" title=\"As Dez Faces do Totalitarismo Marxista: a m\u00e1quina de tirania que destr\u00f3i na\u00e7\u00f5es e almas\" >\r\n            \r\n              <img loading=\"lazy\" decoding=\"async\" width=\"150\" height=\"150\" src=\"https:\/\/academiadadireita.com.br\/blog\/wp-content\/uploads\/2025\/09\/o-comunismo-100-anos-de-uma-revolucao-fracassada-150x150.jpg\" class=\"grayscale grayscale-fade wp-post-image\" alt=\"\" srcset=\"https:\/\/academiadadireita.com.br\/blog\/wp-content\/uploads\/2025\/09\/o-comunismo-100-anos-de-uma-revolucao-fracassada-150x150.jpg 150w, https:\/\/academiadadireita.com.br\/blog\/wp-content\/uploads\/2025\/09\/o-comunismo-100-anos-de-uma-revolucao-fracassada-250x250.jpg 250w\" sizes=\"(max-width: 150px) 100vw, 150px\" \/>              \r\n            <\/a>\r\n        \r\n        <\/div>\r\n         \r\n            \r\n    <h4><a href=\"https:\/\/academiadadireita.com.br\/blog\/as-dez-faces-do-totalitarismo-marxista-a-maquina-de-tirania-que-destroi-nacoes-e-almas\/\" title=\"As Dez Faces do Totalitarismo Marxista: a m\u00e1quina de tirania que destr\u00f3i na\u00e7\u00f5es e almas\">As Dez Faces do Totalitarismo Marxista: a m\u00e1quina de tirania que destr\u00f3i na\u00e7\u00f5es e almas<\/a><\/h4>\r\n    \r\n    <p class=\"meta meta_tmnfposts\">\r\n    \t<span class=\"categs\"><a href=\"https:\/\/academiadadireita.com.br\/blog\/category\/brasil-conservador\/\" rel=\"category tag\">Brasil Conservador<\/a><\/span>\r\n    <\/p>\r\n\r\n<\/div>\t\t\t\t<\/li>\r\n\t\t\t\t\t\t\t<li>\r\n\t\t\t\t\t<div class=\"tab-post p-border\">\r\n\r\n\t    \r\n        <div class=\"imgwrap\">\r\n        \r\n            <a href=\"https:\/\/academiadadireita.com.br\/blog\/atrocidades-juridicas\/\" title=\"Atrocidades Jur\u00eddicas\" >\r\n            \r\n              <img loading=\"lazy\" decoding=\"async\" width=\"150\" height=\"150\" src=\"https:\/\/academiadadireita.com.br\/blog\/wp-content\/uploads\/2025\/08\/16ago2015-manifestantes-erguem-faixa-gigante-pedindo-o-impeachment-da-presidente-dilma-rousseff-durante-protesto-na-avenida-paulista-em-sao-paulo-1439753405859_615x300-150x150.jpg\" class=\"grayscale grayscale-fade wp-post-image\" alt=\"\" srcset=\"https:\/\/academiadadireita.com.br\/blog\/wp-content\/uploads\/2025\/08\/16ago2015-manifestantes-erguem-faixa-gigante-pedindo-o-impeachment-da-presidente-dilma-rousseff-durante-protesto-na-avenida-paulista-em-sao-paulo-1439753405859_615x300-150x150.jpg 150w, https:\/\/academiadadireita.com.br\/blog\/wp-content\/uploads\/2025\/08\/16ago2015-manifestantes-erguem-faixa-gigante-pedindo-o-impeachment-da-presidente-dilma-rousseff-durante-protesto-na-avenida-paulista-em-sao-paulo-1439753405859_615x300-250x250.jpg 250w\" sizes=\"(max-width: 150px) 100vw, 150px\" \/>              \r\n            <\/a>\r\n        \r\n        <\/div>\r\n         \r\n            \r\n    <h4><a href=\"https:\/\/academiadadireita.com.br\/blog\/atrocidades-juridicas\/\" title=\"Atrocidades Jur\u00eddicas\">Atrocidades Jur\u00eddicas<\/a><\/h4>\r\n    \r\n    <p class=\"meta meta_tmnfposts\">\r\n    \t<span class=\"categs\"><a href=\"https:\/\/academiadadireita.com.br\/blog\/category\/brasil-conservador\/\" rel=\"category tag\">Brasil Conservador<\/a><\/span>\r\n    <\/p>\r\n\r\n<\/div>\t\t\t\t<\/li>\r\n\t\t\t\t\t\t\t<li>\r\n\t\t\t\t\t<div class=\"tab-post p-border\">\r\n\r\n\t    \r\n        <div class=\"imgwrap\">\r\n        \r\n            <a href=\"https:\/\/academiadadireita.com.br\/blog\/familia-fe-e-constituicao-em-xeque\/\" title=\"Fam\u00edlia, F\u00e9 e Constitui\u00e7\u00e3o em Xeque\" >\r\n            \r\n              <img loading=\"lazy\" decoding=\"async\" width=\"150\" height=\"150\" src=\"https:\/\/academiadadireita.com.br\/blog\/wp-content\/uploads\/2025\/07\/feto-do-ultrassom-em-semanas-56233179-150x150.webp\" class=\"grayscale grayscale-fade wp-post-image\" alt=\"\" srcset=\"https:\/\/academiadadireita.com.br\/blog\/wp-content\/uploads\/2025\/07\/feto-do-ultrassom-em-semanas-56233179-150x150.webp 150w, https:\/\/academiadadireita.com.br\/blog\/wp-content\/uploads\/2025\/07\/feto-do-ultrassom-em-semanas-56233179-570x570.webp 570w, https:\/\/academiadadireita.com.br\/blog\/wp-content\/uploads\/2025\/07\/feto-do-ultrassom-em-semanas-56233179-250x250.webp 250w\" sizes=\"(max-width: 150px) 100vw, 150px\" \/>              \r\n            <\/a>\r\n        \r\n        <\/div>\r\n         \r\n            \r\n    <h4><a href=\"https:\/\/academiadadireita.com.br\/blog\/familia-fe-e-constituicao-em-xeque\/\" title=\"Fam\u00edlia, F\u00e9 e Constitui\u00e7\u00e3o em Xeque\">Fam\u00edlia, F\u00e9 e Constitui\u00e7\u00e3o em Xeque<\/a><\/h4>\r\n    \r\n    <p class=\"meta meta_tmnfposts\">\r\n    \t<span class=\"categs\"><a href=\"https:\/\/academiadadireita.com.br\/blog\/category\/brasil-conservador\/\" rel=\"category tag\">Brasil Conservador<\/a><\/span>\r\n    <\/p>\r\n\r\n<\/div>\t\t\t\t<\/li>\r\n\t\t\t\t\t\t<\/ul>\r\n\t\t\t<div class=\"clearfix\"><\/div>\r\n\t\t\r\n\t\t\t\t\t\t<\/div>\n\t\t\t\t<\/div>\n\t\t\t\t<div class=\"elementor-element elementor-element-301cbcd elementor-widget elementor-widget-wp-widget-newsourceaddons_featured_widget\" data-id=\"301cbcd\" data-element_type=\"widget\" data-widget_type=\"wp-widget-newsourceaddons_featured_widget.default\">\n\t\t\t\t<div class=\"elementor-widget-container\">\n\t\t\t\t\t\t\t\r\n\t\t\t\t\r\n        \t            \r\n\t\t\t            <ul class=\"featured\">\r\n\t\t\t\t\t\t<\/ul>\r\n\t\t\t<div class=\"clearfix\"><\/div>\r\n\t\t\r\n\t\t\t\t\t\t<\/div>\n\t\t\t\t<\/div>\n\t\t\t\t\t<\/div>\n\t\t<\/div>\n\t\t\t\t\t<\/div>\n\t\t<\/section>\n\t\t<div class=\"elementor-element elementor-element-e4d1bb5 e-flex e-con-boxed e-con e-parent\" data-id=\"e4d1bb5\" data-element_type=\"container\">\n\t\t\t\t\t<div class=\"e-con-inner\">\n\t\t\t\t<div class=\"elementor-element elementor-element-c340fea elementor-button-warning elementor-widget elementor-widget-button\" data-id=\"c340fea\" data-element_type=\"widget\" data-widget_type=\"button.default\">\n\t\t\t\t<div class=\"elementor-widget-container\">\n\t\t\t\t\t\t\t\t\t<div class=\"elementor-button-wrapper\">\n\t\t\t\t\t<a class=\"elementor-button elementor-button-link elementor-size-sm\" href=\"https:\/\/academiadadireita.com.br\/blog\/news\/\">\n\t\t\t\t\t\t<span class=\"elementor-button-content-wrapper\">\n\t\t\t\t\t\t\t\t\t<span class=\"elementor-button-text\">Ver todos os artigos<\/span>\n\t\t\t\t\t<\/span>\n\t\t\t\t\t<\/a>\n\t\t\t\t<\/div>\n\t\t\t\t\t\t\t\t<\/div>\n\t\t\t\t<\/div>\n\t\t\t\t\t<\/div>\n\t\t\t\t<\/div>\n\t\t<div class=\"elementor-element elementor-element-92c07d0 e-flex e-con-boxed e-con e-parent\" data-id=\"92c07d0\" data-element_type=\"container\" data-settings=\"{&quot;background_background&quot;:&quot;classic&quot;}\">\n\t\t\t\t\t<div class=\"e-con-inner\">\n\t\t<div class=\"elementor-element elementor-element-c66da88 e-con-full e-flex e-con e-child\" data-id=\"c66da88\" data-element_type=\"container\" data-settings=\"{&quot;background_background&quot;:&quot;classic&quot;}\">\n\t\t<div class=\"elementor-element elementor-element-f347921 e-con-full e-flex e-con e-child\" data-id=\"f347921\" data-element_type=\"container\">\n\t\t\t\t<div class=\"elementor-element elementor-element-4156d1b elementor-icon-list--layout-inline elementor-list-item-link-full_width elementor-widget elementor-widget-icon-list\" data-id=\"4156d1b\" data-element_type=\"widget\" data-widget_type=\"icon-list.default\">\n\t\t\t\t<div class=\"elementor-widget-container\">\n\t\t\t\t\t\t\t<ul class=\"elementor-icon-list-items elementor-inline-items\">\n\t\t\t\t\t\t\t<li class=\"elementor-icon-list-item elementor-inline-item\">\n\t\t\t\t\t\t\t\t\t\t\t<span class=\"elementor-icon-list-icon\">\n\t\t\t\t\t\t\t<svg aria-hidden=\"true\" class=\"e-font-icon-svg e-fas-star\" viewBox=\"0 0 576 512\" xmlns=\"http:\/\/www.w3.org\/2000\/svg\"><path d=\"M259.3 17.8L194 150.2 47.9 171.5c-26.2 3.8-36.7 36.1-17.7 54.6l105.7 103-25 145.5c-4.5 26.3 23.2 46 46.4 33.7L288 439.6l130.7 68.7c23.2 12.2 50.9-7.4 46.4-33.7l-25-145.5 105.7-103c19-18.5 8.5-50.8-17.7-54.6L382 150.2 316.7 17.8c-11.7-23.6-45.6-23.9-57.4 0z\"><\/path><\/svg>\t\t\t\t\t\t<\/span>\n\t\t\t\t\t\t\t\t\t\t<span class=\"elementor-icon-list-text\"><\/span>\n\t\t\t\t\t\t\t\t\t<\/li>\n\t\t\t\t\t\t\t\t<li class=\"elementor-icon-list-item elementor-inline-item\">\n\t\t\t\t\t\t\t\t\t\t\t<span class=\"elementor-icon-list-icon\">\n\t\t\t\t\t\t\t<svg aria-hidden=\"true\" class=\"e-font-icon-svg e-fas-star\" viewBox=\"0 0 576 512\" xmlns=\"http:\/\/www.w3.org\/2000\/svg\"><path d=\"M259.3 17.8L194 150.2 47.9 171.5c-26.2 3.8-36.7 36.1-17.7 54.6l105.7 103-25 145.5c-4.5 26.3 23.2 46 46.4 33.7L288 439.6l130.7 68.7c23.2 12.2 50.9-7.4 46.4-33.7l-25-145.5 105.7-103c19-18.5 8.5-50.8-17.7-54.6L382 150.2 316.7 17.8c-11.7-23.6-45.6-23.9-57.4 0z\"><\/path><\/svg>\t\t\t\t\t\t<\/span>\n\t\t\t\t\t\t\t\t\t\t<span class=\"elementor-icon-list-text\"><\/span>\n\t\t\t\t\t\t\t\t\t<\/li>\n\t\t\t\t\t\t\t\t<li class=\"elementor-icon-list-item elementor-inline-item\">\n\t\t\t\t\t\t\t\t\t\t\t<span class=\"elementor-icon-list-icon\">\n\t\t\t\t\t\t\t<svg aria-hidden=\"true\" class=\"e-font-icon-svg e-fas-star\" viewBox=\"0 0 576 512\" xmlns=\"http:\/\/www.w3.org\/2000\/svg\"><path d=\"M259.3 17.8L194 150.2 47.9 171.5c-26.2 3.8-36.7 36.1-17.7 54.6l105.7 103-25 145.5c-4.5 26.3 23.2 46 46.4 33.7L288 439.6l130.7 68.7c23.2 12.2 50.9-7.4 46.4-33.7l-25-145.5 105.7-103c19-18.5 8.5-50.8-17.7-54.6L382 150.2 316.7 17.8c-11.7-23.6-45.6-23.9-57.4 0z\"><\/path><\/svg>\t\t\t\t\t\t<\/span>\n\t\t\t\t\t\t\t\t\t\t<span class=\"elementor-icon-list-text\"><\/span>\n\t\t\t\t\t\t\t\t\t<\/li>\n\t\t\t\t\t\t\t\t<li class=\"elementor-icon-list-item elementor-inline-item\">\n\t\t\t\t\t\t\t\t\t\t\t<span class=\"elementor-icon-list-icon\">\n\t\t\t\t\t\t\t<svg aria-hidden=\"true\" class=\"e-font-icon-svg e-fas-star\" viewBox=\"0 0 576 512\" xmlns=\"http:\/\/www.w3.org\/2000\/svg\"><path d=\"M259.3 17.8L194 150.2 47.9 171.5c-26.2 3.8-36.7 36.1-17.7 54.6l105.7 103-25 145.5c-4.5 26.3 23.2 46 46.4 33.7L288 439.6l130.7 68.7c23.2 12.2 50.9-7.4 46.4-33.7l-25-145.5 105.7-103c19-18.5 8.5-50.8-17.7-54.6L382 150.2 316.7 17.8c-11.7-23.6-45.6-23.9-57.4 0z\"><\/path><\/svg>\t\t\t\t\t\t<\/span>\n\t\t\t\t\t\t\t\t\t\t<span class=\"elementor-icon-list-text\"><\/span>\n\t\t\t\t\t\t\t\t\t<\/li>\n\t\t\t\t\t\t\t\t<li class=\"elementor-icon-list-item elementor-inline-item\">\n\t\t\t\t\t\t\t\t\t\t\t<span class=\"elementor-icon-list-icon\">\n\t\t\t\t\t\t\t<svg aria-hidden=\"true\" class=\"e-font-icon-svg e-fas-star\" viewBox=\"0 0 576 512\" xmlns=\"http:\/\/www.w3.org\/2000\/svg\"><path d=\"M259.3 17.8L194 150.2 47.9 171.5c-26.2 3.8-36.7 36.1-17.7 54.6l105.7 103-25 145.5c-4.5 26.3 23.2 46 46.4 33.7L288 439.6l130.7 68.7c23.2 12.2 50.9-7.4 46.4-33.7l-25-145.5 105.7-103c19-18.5 8.5-50.8-17.7-54.6L382 150.2 316.7 17.8c-11.7-23.6-45.6-23.9-57.4 0z\"><\/path><\/svg>\t\t\t\t\t\t<\/span>\n\t\t\t\t\t\t\t\t\t\t<span class=\"elementor-icon-list-text\"><\/span>\n\t\t\t\t\t\t\t\t\t<\/li>\n\t\t\t\t\t\t<\/ul>\n\t\t\t\t\t\t<\/div>\n\t\t\t\t<\/div>\n\t\t\t\t<div class=\"elementor-element elementor-element-bbffa41 elementor-widget elementor-widget-heading\" data-id=\"bbffa41\" data-element_type=\"widget\" data-widget_type=\"heading.default\">\n\t\t\t\t<div class=\"elementor-widget-container\">\n\t\t\t\t\t<h2 class=\"elementor-heading-title elementor-size-default\">Informativo da Verdade Newsletter<\/h2>\t\t\t\t<\/div>\n\t\t\t\t<\/div>\n\t\t\t\t<div class=\"elementor-element elementor-element-dda2cdc elementor-widget elementor-widget-html\" data-id=\"dda2cdc\" data-element_type=\"widget\" data-widget_type=\"html.default\">\n\t\t\t\t<div class=\"elementor-widget-container\">\n\t\t\t\t\t\n<div class=\"wpcf7 no-js\" id=\"wpcf7-f7170-o1\" lang=\"pt-BR\" dir=\"ltr\" data-wpcf7-id=\"7170\">\n<div class=\"screen-reader-response\"><p role=\"status\" aria-live=\"polite\" aria-atomic=\"true\"><\/p> <ul><\/ul><\/div>\n<form action=\"\/blog\/wp-json\/wp\/v2\/pages\/6400#wpcf7-f7170-o1\" method=\"post\" class=\"wpcf7-form init\" aria-label=\"Formul\u00e1rios de contato\" novalidate=\"novalidate\" data-status=\"init\">\n<fieldset class=\"hidden-fields-container\"><input type=\"hidden\" name=\"_wpcf7\" value=\"7170\" \/><input type=\"hidden\" name=\"_wpcf7_version\" value=\"6.1.3\" \/><input type=\"hidden\" name=\"_wpcf7_locale\" value=\"pt_BR\" \/><input type=\"hidden\" name=\"_wpcf7_unit_tag\" value=\"wpcf7-f7170-o1\" \/><input type=\"hidden\" name=\"_wpcf7_container_post\" value=\"0\" \/><input type=\"hidden\" name=\"_wpcf7_posted_data_hash\" value=\"\" \/>\n<\/fieldset>\n<div class=\"newsletter-input\">\n\t<p><span class=\"wpcf7-form-control-wrap\" data-name=\"email\"><input size=\"40\" maxlength=\"400\" class=\"wpcf7-form-control wpcf7-email wpcf7-validates-as-required wpcf7-text wpcf7-validates-as-email\" autocomplete=\"email\" aria-required=\"true\" aria-invalid=\"false\" value=\"\" type=\"email\" name=\"email\" \/><\/span>\n\t<\/p>\n\t<p><input class=\"wpcf7-form-control wpcf7-submit has-spinner\" type=\"submit\" value=\"Entre j\u00e1\" \/>\n\t<\/p>\n<\/div><div class=\"wpcf7-response-output\" aria-hidden=\"true\"><\/div>\n<\/form>\n<\/div>\n\t\t\t\t<\/div>\n\t\t\t\t<\/div>\n\t\t\t\t<div class=\"elementor-element elementor-element-65ceb35 elementor-widget elementor-widget-text-editor\" data-id=\"65ceb35\" data-element_type=\"widget\" data-widget_type=\"text-editor.default\">\n\t\t\t\t<div class=\"elementor-widget-container\">\n\t\t\t\t\t\t\t\t\t<p>Seja parte da mudan\u00e7a. Receba em primeira m\u00e3o nossos conte\u00fados.<\/p>\t\t\t\t\t\t\t\t<\/div>\n\t\t\t\t<\/div>\n\t\t\t\t<\/div>\n\t\t<div class=\"elementor-element elementor-element-7a6a46f e-con-full e-flex e-con e-child\" data-id=\"7a6a46f\" data-element_type=\"container\">\n\t\t\t\t<div class=\"elementor-element elementor-element-ee461e7 elementor-widget__width-initial elementor-widget elementor-widget-image\" data-id=\"ee461e7\" data-element_type=\"widget\" data-widget_type=\"image.default\">\n\t\t\t\t<div class=\"elementor-widget-container\">\n\t\t\t\t\t\t\t\t\t\t\t\t\t\t\t<img loading=\"lazy\" decoding=\"async\" width=\"953\" height=\"788\" src=\"https:\/\/academiadadireita.com.br\/blog\/wp-content\/uploads\/2025\/04\/img-newsletter.png\" class=\"attachment-large size-large wp-image-7140\" alt=\"\" srcset=\"https:\/\/academiadadireita.com.br\/blog\/wp-content\/uploads\/2025\/04\/img-newsletter.png 953w, https:\/\/academiadadireita.com.br\/blog\/wp-content\/uploads\/2025\/04\/img-newsletter-300x248.png 300w, https:\/\/academiadadireita.com.br\/blog\/wp-content\/uploads\/2025\/04\/img-newsletter-768x635.png 768w\" sizes=\"(max-width: 953px) 100vw, 953px\" \/>\t\t\t\t\t\t\t\t\t\t\t\t\t\t\t<\/div>\n\t\t\t\t<\/div>\n\t\t\t\t<\/div>\n\t\t\t\t<\/div>\n\t\t\t\t\t<\/div>\n\t\t\t\t<\/div>\n\t\t\t\t<\/div>\n\t\t","protected":false},"excerpt":{"rendered":"<div class=\"tmnf_excerpt meta_deko\"><p>Fique por Dentro Acesse nossos artigos sobre os principais temas do Brasil Ver todos os artigos Informativo da Verdade Newsletter Seja parte da mudan\u00e7a. Receba em primeira m\u00e3o nossos conte\u00fados.<\/p>\n<\/div>","protected":false},"author":1,"featured_media":0,"parent":0,"menu_order":0,"comment_status":"closed","ping_status":"closed","template":"elementor_header_footer","meta":{"footnotes":""},"class_list":["post-6400","page","type-page","status-publish","hentry"],"_links":{"self":[{"href":"https:\/\/academiadadireita.com.br\/blog\/wp-json\/wp\/v2\/pages\/6400","targetHints":{"allow":["GET"]}}],"collection":[{"href":"https:\/\/academiadadireita.com.br\/blog\/wp-json\/wp\/v2\/pages"}],"about":[{"href":"https:\/\/academiadadireita.com.br\/blog\/wp-json\/wp\/v2\/types\/page"}],"author":[{"embeddable":true,"href":"https:\/\/academiadadireita.com.br\/blog\/wp-json\/wp\/v2\/users\/1"}],"replies":[{"embeddable":true,"href":"https:\/\/academiadadireita.com.br\/blog\/wp-json\/wp\/v2\/comments?post=6400"}],"version-history":[{"count":130,"href":"https:\/\/academiadadireita.com.br\/blog\/wp-json\/wp\/v2\/pages\/6400\/revisions"}],"predecessor-version":[{"id":7506,"href":"https:\/\/academiadadireita.com.br\/blog\/wp-json\/wp\/v2\/pages\/6400\/revisions\/7506"}],"wp:attachment":[{"href":"https:\/\/academiadadireita.com.br\/blog\/wp-json\/wp\/v2\/media?parent=6400"}],"curies":[{"name":"wp","href":"https:\/\/api.w.org\/{rel}","templated":true}]}}